{"id":7103,"date":"2023-06-21T12:00:04","date_gmt":"2023-06-21T10:00:04","guid":{"rendered":"https:\/\/bibliolingua.eu\/pravne-zmienky\/"},"modified":"2023-11-14T12:11:51","modified_gmt":"2023-11-14T11:11:51","slug":"pravne-zmienky","status":"publish","type":"page","link":"https:\/\/bibliolingua.eu\/sk\/pravne-zmienky\/","title":{"rendered":"Pr\u00e1vne zmienky"},"content":{"rendered":"\n<p>V s\u00falade s ustanoveniami \u010dl\u00e1nkov 6-III a 10 Franc\u00fazskej legislat\u00edvy o d\u00f4vere v digit\u00e1lnej ekonomike (loi pour la Confiance dans l\u2019\u00c9conomie Num\u00e9rique) v\u00e1s t\u00fdmto informujeme, \u017ee:<\/p>\n\n<h2 class=\"wp-block-heading\">Usporiadate\u013e<\/h2>\n\n<p>Infomaniak Network SA<br\/>Rue Eug\u00e8ne Marziano 25 \u2013 1227 Les Acacias \/ Geneva \u2013 \u0160VAJ\u010cIARSKO<br\/>Tel.: <a href=\"tel:+41%2022%20820%2035%2044\" target=\"_blank\" rel=\"noreferrer noopener\">+41 22 820 35 44<\/a><br\/>E-mail: <a href=\"mailto:contact@infomaniak.com\" target=\"_blank\" rel=\"noreferrer noopener\">contact@infomaniak.com<\/a><br\/>Webov\u00e1 str\u00e1nka: <a href=\"https:\/\/www.infomaniak.com\/\" target=\"_blank\" rel=\"noreferrer noopener\">https:\/\/www.infomaniak.com\/<\/a><\/p>\n\n<h2 class=\"wp-block-heading\">Vydavate\u013e<\/h2>\n\n<p>T\u00fato webov\u00fa str\u00e1nku vyd\u00e1va Les Apprimeurs v spolupr\u00e1ci s projektom Bibliolingua Erasmus+. Inform\u00e1cie t\u00fdkaj\u00face sa spr\u00e1vcu publik\u00e1cie boli v s\u00falade so z\u00e1konom odovzdan\u00e9 usporiadate\u013eskej spolo\u010dnosti.<\/p>\n\n<h2 class=\"wp-block-heading\">Projekt Bibliolingua<\/h2>\n\n<p>Tento projekt je financovan\u00fd Eur\u00f3pskou \u00faniou. odpora Eur\u00f3pskej komisie pri v\u00fdrobe tejto publik\u00e1cie neznamen\u00e1 schv\u00e1lenie obsahu, ktor\u00fd odr\u00e1\u017ea iba n\u00e1zory autorov a komisia nenesie zodpovednos\u0165 za ak\u00e9ko\u013evek pou\u017eitie inform\u00e1ci\u00ed v nej obsiahnut\u00fdch.<\/p>\n\n<h2 class=\"wp-block-heading\">Osobn\u00e9 \u00fadaje<\/h2>\n\n<p>\u00dadaje zozbieran\u00e9 touto webovou str\u00e1nkou sa nikdy nepred\u00e1vaj\u00fa a neprenes\u00fa tretej strane a bud\u00fa pou\u017eit\u00e9 pod\u013ea maxim\u00e1lneho uv\u00e1\u017eenia iba na \u00fa\u010dely, na ktor\u00e9 ste n\u00e1m tieto \u00fadaje poskytli. Za \u017eiadnych okolnost\u00ed nepou\u017eijeme va\u0161e \u00fadaje na in\u00fd \u00fa\u010del ako ten, ktor\u00fd bol jasne uveden\u00fd, ke\u010f ste n\u00e1m ich poskytli.<\/p>\n\n<p>Zhroma\u017e\u010fovanie \u00fadajov (napr. IP adresa, z\u00e1znamy o pripojen\u00ed) nast\u00e1va, ke\u010f nav\u0161t\u00edvite t\u00fato webov\u00fa str\u00e1nku. Prehliadan\u00edm na\u0161ej webovej str\u00e1nky s\u00fahlas\u00edte s ich prenosom ku n\u00e1m.<\/p>\n\n<p>\u00dadaje, ktor\u00e9 priamo odo\u0161lete cez kontaktn\u00fa str\u00e1nku tejto webovej str\u00e1nky prostredn\u00edctvom formul\u00e1rov, bud\u00fa pou\u017eit\u00e9 na \u00fa\u010dely odpoved\u00ed. V\u0161etky inform\u00e1cie odoslan\u00e9 prostredn\u00edctvom t\u00fdchto formul\u00e1rov bud\u00fa vymazan\u00e9 najnesk\u00f4r do 3 rokov od ich odoslania k n\u00e1m.<\/p>\n\n<p>Okrem toho, e-mailov\u00e1 adresa, ktor\u00fa n\u00e1m m\u00f4\u017eete poskytn\u00fa\u0165 na testovanie na\u0161ich zdrojov alebo z\u00fa\u010dastni\u0165 sa na projekte BiblioLingua na domovskej str\u00e1nke tejto web str\u00e1nky, bude pou\u017eit\u00e1 iba na zasielanie inform\u00e1ci\u00ed o prebiehaj\u00facom projekte. Z odberu sa m\u00f4\u017eete kedyko\u013evek odhl\u00e1si\u0165 zaslan\u00edm e-mailu na adresu <a rel=\"noreferrer noopener\" href=\"mailto:contact@lesapprimeurs.com\" target=\"_blank\">contact@lesapprimeurs.com<\/a><\/p>\n\n<p>\u00dadaje pren\u00e1\u0161an\u00e9 na tejto web str\u00e1nke s\u00fa pr\u00edstupn\u00e9 iba pr\u00edslu\u0161n\u00fdm intern\u00fdm slu\u017eb\u00e1m a to:<\/p>\n\n<ul class=\"wp-block-list\">\n<li>V pr\u00edpade IP adries, z\u00e1znamov o pripojen\u00ed a v\u0161etk\u00fdch \u00fadajov o pripojen\u00ed &#8211; iba spr\u00e1vcom webu.<\/li>\n\n\n\n<li>V pr\u00edpade e-mailov poskytnut\u00fdch pre Join us zoznam &#8211; iba spr\u00e1vcom webu.<\/li>\n\n\n\n<li>V pr\u00edpade inform\u00e1ci\u00ed pren\u00e1\u0161an\u00fdch prostredn\u00edctvom kontaktn\u00e9ho formul\u00e1ra &#8211; iba pr\u00edslu\u0161n\u00e9mu partnerovi z jazyka, ktor\u00fd ste si vybrali.<\/li>\n\n\n\n<li>V pr\u00edpade ak\u00fdchko\u013evek ot\u00e1zok t\u00fdkaj\u00facich sa ochrany, bezpe\u010dnosti a pou\u017e\u00edvania osobn\u00fdch \u00fadajov n\u00e1s kontaktujte na e-mailovej adrese <a href=\"mailto:contact@lesapprimeurs.com\" target=\"_blank\" rel=\"noreferrer noopener\">contact@lesapprimeurs.com<\/a><\/li>\n<\/ul>\n\n<p>M\u00e1te pr\u00e1vo kedyko\u013evek po\u017eiada\u0165 o vymazanie \u010dasti alebo v\u0161etk\u00fdch osobn\u00fdch \u00fadajov, ktor\u00e9 sa v\u00e1s t\u00fdkaj\u00fa, zaslan\u00edm e-mailu na adresu: <a rel=\"noreferrer noopener\" href=\"mailto:contact@lesapprimeurs.com\" target=\"_blank\">contact@lesapprimeurs.com.<\/a><\/p>\n\n<p>Ak je odpove\u010f nedostato\u010dn\u00e1, m\u00f4\u017eete poda\u0165 s\u0165a\u017enos\u0165 N\u00e1rodnej komisii pre informatiku a slobody (CNIL): <a rel=\"noreferrer noopener\" href=\"https:\/\/www.cnil.fr\/fr\/plaintes\" target=\"_blank\">https:\/\/www.cnil.fr\/fr\/plaintes<\/a>.<\/p>\n\n<p>Ak\u00fdko\u013evek spor t\u00fdkaj\u00faci sa pou\u017e\u00edvania web str\u00e1nky bude podlieha\u0165 franc\u00fazskemu z\u00e1konu. N\u00e1v\u0161tevn\u00edci web str\u00e1nky uzn\u00e1vaj\u00fa a prij\u00edmaj\u00fa v\u00fdhradn\u00fa jurisdikciu pr\u00edslu\u0161n\u00fdch s\u00fadov, ktor\u00e9 spadaj\u00fa pod s\u00fadnu pr\u00e1vomoc par\u00ed\u017eskeho odvolacieho s\u00fadu (Cour d\u2019appel de Paris).<\/p>\n\n<h2 class=\"wp-block-heading\">Kredity<\/h2>\n\n<p>Domovsk\u00e1 str\u00e1nka \u2013 T\u00edned\u017eer so smartf\u00f3nom : <a rel=\"noreferrer noopener\" href=\"https:\/\/www.freepik.com\" target=\"_blank\">Obr\u00e1zok z pr\u00edbehov \/ Freepik<\/a><\/p>\n\n<p>Blog \u2013 \u201cKognit\u00edvne v\u00fdhody of bilingvizmu: mnohostrann\u00e9 v\u00fdhody hovorenia viacer\u00fdmi jazykmi\u201d : <a href=\"https:\/\/www.freepik.com\/free-vector\/diverse-multilingual-people-group-saying-hello_25917823.htm\" target=\"_blank\" rel=\"noreferrer noopener\">Obr\u00e1zok od upklyak \/ Freepik<\/a><\/p>\n\n<p>Blog \u2013 \u201cRozpr\u00e1vanie pr\u00edbehu (storytelling) a u\u010denie sa jazykov\u201d : <a rel=\"noreferrer noopener\" href=\"https:\/\/unsplash.com\/fr\/@aaronburden?utm_source=unsplash&amp;utm_medium=referral&amp;utm_content=creditCopyText\" target=\"_blank\">Obr\u00e1zok od Aaron Burden \/ Unsplash<\/a><\/p>\n\n<p>Blog \u2013 \u201cFunk\u010dn\u00e9 \u010d\u00edtanie a jeho precvi\u010dovanie\u201d : <a href=\"https:\/\/unsplash.com\/fr\/@jeshoots\" data-type=\"link\" data-id=\"https:\/\/unsplash.com\/fr\/@jeshoots\" target=\"_blank\" rel=\"noreferrer noopener\">Obr\u00e1zok od JESHOOTS.COM \/ UnsplashPhoto<\/a><\/p>\n","protected":false},"excerpt":{"rendered":"<p>V s\u00falade s ustanoveniami \u010dl\u00e1nkov 6-III a 10 Franc\u00fazskej legislat\u00edvy o d\u00f4vere v digit\u00e1lnej ekonomike (loi pour la Confiance dans l\u2019\u00c9conomie Num\u00e9rique) v\u00e1s t\u00fdmto informujeme, \u017ee: Usporiadate\u013e Infomaniak Network SARue Eug\u00e8ne Marziano 25 \u2013 1227 Les Acacias \/ Geneva \u2013 \u0160VAJ\u010cIARSKOTel.: +41 22 820 35 44E-mail: contact@infomaniak.comWebov\u00e1 str\u00e1nka: https:\/\/www.infomaniak.com\/ Vydavate\u013e T\u00fato webov\u00fa str\u00e1nku vyd\u00e1va Les [&hellip;]<\/p>\n","protected":false},"author":3,"featured_media":0,"parent":0,"menu_order":0,"comment_status":"closed","ping_status":"closed","template":"","meta":{"_acf_changed":false,"_et_pb_use_builder":"off","_et_pb_old_content":"","_et_gb_content_width":"","footnotes":""},"class_list":["post-7103","page","type-page","status-publish","hentry"],"acf":[],"_links":{"self":[{"href":"https:\/\/bibliolingua.eu\/sk\/wp-json\/wp\/v2\/pages\/7103","targetHints":{"allow":["GET"]}}],"collection":[{"href":"https:\/\/bibliolingua.eu\/sk\/wp-json\/wp\/v2\/pages"}],"about":[{"href":"https:\/\/bibliolingua.eu\/sk\/wp-json\/wp\/v2\/types\/page"}],"author":[{"embeddable":true,"href":"https:\/\/bibliolingua.eu\/sk\/wp-json\/wp\/v2\/users\/3"}],"replies":[{"embeddable":true,"href":"https:\/\/bibliolingua.eu\/sk\/wp-json\/wp\/v2\/comments?post=7103"}],"version-history":[{"count":1,"href":"https:\/\/bibliolingua.eu\/sk\/wp-json\/wp\/v2\/pages\/7103\/revisions"}],"predecessor-version":[{"id":7104,"href":"https:\/\/bibliolingua.eu\/sk\/wp-json\/wp\/v2\/pages\/7103\/revisions\/7104"}],"wp:attachment":[{"href":"https:\/\/bibliolingua.eu\/sk\/wp-json\/wp\/v2\/media?parent=7103"}],"curies":[{"name":"wp","href":"https:\/\/api.w.org\/{rel}","templated":true}]}}